{"id":557,"date":"2016-02-08T18:12:55","date_gmt":"2016-02-08T17:12:55","guid":{"rendered":"https:\/\/ev-allianz-braunschweig\/?page_id=557"},"modified":"2025-03-14T16:03:29","modified_gmt":"2025-03-14T15:03:29","slug":"projektstelle","status":"publish","type":"page","link":"https:\/\/ev-allianz-braunschweig.de\/?page_id=557","title":{"rendered":"Projektstelle"},"content":{"rendered":"<p><strong>Unsere Projektstelle in Braunschweig<\/strong><\/p>\n<p>Sie w\u00fcnschen sich mehr Pr\u00e4senz f\u00fcr das Evangelium in Braunschweig?<br \/>\nAls gro\u00dfes Geschenk empfinden wir daf\u00fcr unsere Projektstelle.<br \/>\nMit Michael R\u00f6hl haben wir einen bew\u00e4hrten, begabten und hochmotivierten Mitarbeiter. Wir k\u00f6nnen als Allianz in Braunschweig Projekte planen, die ohne diese Stelle kaum denkbar und umsetzbar w\u00e4ren. Es ist sch\u00f6n zu sehen, wie unsere Gemeinden bei dem Auftrag, das Evangelium zu verk\u00fcnden, zusammenwachsen.<br \/>\nEs bewegt sich was. Wir wollen diese Bewegung weiter f\u00f6rdern. Sind Sie dabei? Wir sind dankbar, wenn Sie diese Stelle unterst\u00fctzen! F\u00fcr Fragen stehe ich gerne zur Verf\u00fcgung.<\/p>\n<p>Robert Lau, 1. Vorsitzender\u00a0 <span style=\"color: #993366;\">rdlau[at]web.de<\/span><\/p>\n<p><span style=\"text-decoration: underline;\">Kontoverbindung Projektstelle:<br \/>\n<\/span>Empf\u00e4nger: Gemeinsam f\u00fcr Braunschweig e.V.<br \/>\nIBAN: DE87 2505 0000 0201 5264 07<br \/>\nBIC: NOLADE2HXXX<br \/>\nBraunschweigische LSK|NORD-LB<\/p>\n<p>Bitte als Verwendungszweck \u201eProjektstelle Ev. Allianz Michael R\u00f6hl\u201c angeben.<br \/>\nEine Spendenquittung kann ausgestellt werden.<\/p>\n<p><a href=\"https:\/\/ev-allianz-braunschweig.de\/wp-content\/uploads\/2020\/09\/Michael-R\u00f6hl-2.png\"><img decoding=\"async\" loading=\"lazy\" class=\"wp-image-3321 size-medium alignleft\" src=\"https:\/\/ev-allianz-braunschweig.de\/wp-content\/uploads\/2020\/09\/Michael-R\u00f6hl-2-187x300.png\" alt=\"\" width=\"187\" height=\"300\" srcset=\"https:\/\/ev-allianz-braunschweig.de\/wp-content\/uploads\/2020\/09\/Michael-R\u00f6hl-2-187x300.png 187w, https:\/\/ev-allianz-braunschweig.de\/wp-content\/uploads\/2020\/09\/Michael-R\u00f6hl-2.png 549w\" sizes=\"(max-width: 187px) 100vw, 187px\" \/><\/a><\/p>\n<p>Liebe Freunde der Evangelischen Allianz Braunschweig,<\/p>\n<p>mit gro\u00dfer Freude und Leidenschaft bin ich in die Aufgabe des Projektleiters f\u00fcr die Evangelische Allianz Braunschweig hineingewachsen. Ein gro\u00dfes Netzwerk hat sich mittlerweile \u00fcber die Gemeinden hinweg gespannt. Ich bin sehr dankbar daf\u00fcr, so viele verschiedene Menschen aus den unterschiedlichen Gemeinden kennenzulernen, ein gro\u00dfer Reichtum Gottes!<\/p>\n<p>Die vielf\u00e4ltigen gemeinsamen Aktionen in der Evangelischen Allianz zeigen die gelebte Einheit im Leib Christi unter uns Gemeinden in dieser Stadt.<br \/>\nSo bin ich dankbar f\u00fcr das mir entgegengebrachte Vertrauen, als Koordinator f\u00fcr verschiedenste Projekte der Ev. Allianz in Braunschweig arbeiten zu k\u00f6nnen. Ein starkes und richtungsweisendes Signal f\u00fcr Braunschweig: GEMEINSAM!<\/p>\n<p><strong>Mein Anliegen<br \/>\n<\/strong>Das sichtbar gewordene Zusammenwachsen der Gemeinden in Braunschweig weiter zu pflegen und die Einheit zu f\u00f6rdern.<br \/>\nDas entstandene Netzwerk und die diversen Kontakte weiter zu nutzen und auszubauen.<br \/>\nUnsere Pr\u00e4senz als Christen durch regelm\u00e4\u00dfige und vielf\u00e4ltige Aktionen in der Stadt zu st\u00e4rken.<br \/>\nGemeinsam mit viel Mut und Glaubens-Schritten ins Reich Gottes zu investieren: SEIN Wort kommt niemals leer zur\u00fcck!<\/p>\n<p><strong>Meine Aufgaben<br \/>\n<\/strong>Projekt-Entwicklungen, Planung und Durchf\u00fchrung<br \/>\nKoordination zwischen den Allianz-Gemeinden<br \/>\nPresse- und \u00d6ffentlichkeitsarbeit<br \/>\nMonatlicher Newsletter mit Aktionen der Ev. Allianz und Veranstaltungen aus den verschiedenen Gemeinden<br \/>\nVerbindung zum Gebetshaus Braunschweig intensivieren (Gebetsunterst\u00fctzung f\u00fcr Projekte, sowie Anregungen aus dem Gebetshaus aufgreifen)<br \/>\nPredigt-Dienste in den Allianz-Gemeinden<br \/>\nPflege\/Aktualisierung der Homepage Ev. Allianz BS | Festival der Hoffnung | Gott in Braunschweig<\/p>\n<p><strong>Unsere Projekte<br \/>\n<\/strong>Gott in Braunschweig<br \/>\nKarfreitag: das Kreuz in die Stadt tragen<br \/>\nJ\u00e4hrliche Allianz-Gebetswoche<br \/>\nChristliche Konzert-Events in der Stadt (au\u00dferhalb der Gemeinder\u00e4ume, z.B. BS Kulturnacht, Magnifest)<br \/>\nFilm-Kooperationen mit dem ASTOR Filmtheater BS<br \/>\nBu\u00df- und Bettag als gemeinsamer Allianz-Gottesdienst<br \/>\nGottesdienste der Jugend-Allianz<br \/>\nFestival der Hoffnung<br \/>\nKoordination Pastorengebet<br \/>\nKoordination Allianz-Fr\u00fchst\u00fcckstreffen der Pastoren + Leiter<br \/>\nVerein Gemeinsam f\u00fcr Braunschweig<br \/>\nOpen Air-Gottesdienste im Stadtpark<br \/>\nSOZIALWERK Gemeinsam f\u00fcr BS e.V.<br \/>\nAusstellung &#8211; Das Geheimnis von Ostern<br \/>\nMusical &#8220;Life on Stage&#8221;<\/p>\n<p><strong>Meine Berufung<br \/>\n<\/strong>Gern bin ich Ansprechperson und Koordinator f\u00fcr Anliegen, sowie gemeinsame Ideen und Aktionen innerhalb der Allianz-Gemeinden, zur Erg\u00e4nzung und Entlastung von Robert Lau (Vorsitzender Ev. Allianz BS).<\/p>\n<p>Mit herzlichen Gr\u00fc\u00dfen<br \/>\nMichael R\u00f6hl<\/p>\n<p><span id=\"wb_uid35\">\u00a0<\/span><\/p>\n","protected":false},"excerpt":{"rendered":"<p>Unsere Projektstelle in Braunschweig Sie w\u00fcnschen sich mehr Pr\u00e4senz f\u00fcr das Evangelium in Braunschweig? Als gro\u00dfes Geschenk empfinden wir daf\u00fcr unsere Projektstelle. Mit Michael R\u00f6hl haben wir einen bew\u00e4hrten, begabten und hochmotivierten Mitarbeiter. Wir k\u00f6nnen als Allianz in Braunschweig Projekte planen, die ohne diese Stelle kaum denkbar und umsetzbar w\u00e4ren. Es ist sch\u00f6n zu sehen, [&hellip;]<\/p>\n","protected":false},"author":2,"featured_media":0,"parent":0,"menu_order":0,"comment_status":"closed","ping_status":"closed","template":"","meta":{"ngg_post_thumbnail":0},"_links":{"self":[{"href":"https:\/\/ev-allianz-braunschweig.de\/index.php?rest_route=\/wp\/v2\/pages\/557"}],"collection":[{"href":"https:\/\/ev-allianz-braunschweig.de\/index.php?rest_route=\/wp\/v2\/pages"}],"about":[{"href":"https:\/\/ev-allianz-braunschweig.de\/index.php?rest_route=\/wp\/v2\/types\/page"}],"author":[{"embeddable":true,"href":"https:\/\/ev-allianz-braunschweig.de\/index.php?rest_route=\/wp\/v2\/users\/2"}],"replies":[{"embeddable":true,"href":"https:\/\/ev-allianz-braunschweig.de\/index.php?rest_route=%2Fwp%2Fv2%2Fcomments&post=557"}],"version-history":[{"count":41,"href":"https:\/\/ev-allianz-braunschweig.de\/index.php?rest_route=\/wp\/v2\/pages\/557\/revisions"}],"predecessor-version":[{"id":5722,"href":"https:\/\/ev-allianz-braunschweig.de\/index.php?rest_route=\/wp\/v2\/pages\/557\/revisions\/5722"}],"wp:attachment":[{"href":"https:\/\/ev-allianz-braunschweig.de\/index.php?rest_route=%2Fwp%2Fv2%2Fmedia&parent=557"}],"curies":[{"name":"wp","href":"https:\/\/api.w.org\/{rel}","templated":true}]}}