{"id":3702,"date":"2021-04-01T17:28:17","date_gmt":"2021-04-01T15:28:17","guid":{"rendered":"https:\/\/ev-allianz-braunschweig.de\/?page_id=3702"},"modified":"2025-11-17T12:35:50","modified_gmt":"2025-11-17T11:35:50","slug":"sozialwerk","status":"publish","type":"page","link":"https:\/\/ev-allianz-braunschweig.de\/?page_id=3702","title":{"rendered":"Sozialwerk Gemeinsam f\u00fcr BS"},"content":{"rendered":"<div>&nbsp;<\/div>\n<p style=\"text-align: justify;\"><a href=\"https:\/\/ev-allianz-braunschweig.de\/wp-content\/uploads\/2021\/04\/Logo-Sozialwerk-Gemeinsam-f\u00fcr-Braunschweig-e.V..jpg\"><img decoding=\"async\" loading=\"lazy\" class=\"wp-image-3793\" src=\"https:\/\/ev-allianz-braunschweig.de\/wp-content\/uploads\/2021\/04\/Logo-Sozialwerk-Gemeinsam-f\u00fcr-Braunschweig-e.V..jpg\" alt=\"\" width=\"421\" height=\"158\" srcset=\"https:\/\/ev-allianz-braunschweig.de\/wp-content\/uploads\/2021\/04\/Logo-Sozialwerk-Gemeinsam-f\u00fcr-Braunschweig-e.V..jpg 617w, https:\/\/ev-allianz-braunschweig.de\/wp-content\/uploads\/2021\/04\/Logo-Sozialwerk-Gemeinsam-f\u00fcr-Braunschweig-e.V.-300x113.jpg 300w\" sizes=\"(max-width: 421px) 100vw, 421px\" \/><\/a><\/p>\n<h5>&nbsp;<\/h5>\n<p style=\"text-align: justify;\">&nbsp;<\/p>\n<div style=\"text-align: left;\">\n<div class=\"et_pb_module et_pb_text et_pb_text_0 et_pb_text_align_left et_pb_bg_layout_light\" style=\"text-align: justify;\">\n<div class=\"et_pb_text_inner\">\n<h5><strong>\u201eGottes G\u00fcte wirken lassen\u201c <\/strong><strong>das ist unsere Vision.<\/strong><\/h5>\n<\/div>\n<\/div>\n<div class=\"et_pb_module et_pb_text et_pb_text_1 et_pb_text_align_left et_pb_bg_layout_light\">\n<div class=\"et_pb_text_inner\">\n<p><strong>Das Sozialwerk wurde im Februar 2021 gegr\u00fcndet. Es gibt viele Ideen, wie wir in Braunschweig Gutes tun k\u00f6nnen.<\/strong><\/p>\n<\/div>\n<\/div>\n<p style=\"text-align: center;\">&nbsp;<\/p>\n<div class=\"et_pb_module et_pb_text et_pb_text_1 et_pb_text_align_left et_pb_bg_layout_light\">\n<div class=\"et_pb_text_inner\">\n<p><strong><a href=\"https:\/\/ev-allianz-braunschweig.de\/wp-content\/uploads\/2021\/04\/Logo-Beh\u00fctet-zu-Hause.jpg\"><img decoding=\"async\" loading=\"lazy\" class=\"wp-image-3796\" src=\"https:\/\/ev-allianz-braunschweig.de\/wp-content\/uploads\/2021\/04\/Logo-Beh\u00fctet-zu-Hause.jpg\" alt=\"\" width=\"323\" height=\"99\" srcset=\"https:\/\/ev-allianz-braunschweig.de\/wp-content\/uploads\/2021\/04\/Logo-Beh\u00fctet-zu-Hause.jpg 784w, https:\/\/ev-allianz-braunschweig.de\/wp-content\/uploads\/2021\/04\/Logo-Beh\u00fctet-zu-Hause-300x92.jpg 300w, https:\/\/ev-allianz-braunschweig.de\/wp-content\/uploads\/2021\/04\/Logo-Beh\u00fctet-zu-Hause-768x235.jpg 768w\" sizes=\"(max-width: 323px) 100vw, 323px\" \/><\/a><br \/>\n<\/strong><\/p>\n<p style=\"text-align: justify;\">Mit der Ambulanten Pflege <strong><a title=\"Beh\u00fctet zu Hause\" href=\"https:\/\/sozialwerk-bs.de\/ambulante-pflege\/\"><span style=\"color: #ff9900;\">Beh\u00fctet zu Hause<\/span><\/a><\/strong> ist es uns ein besonderes Herzensanliegen, Pflegebed\u00fcrftige in ihrem h\u00e4uslichen Umfeld zu unterst\u00fctzen und Angeh\u00f6rige und Familien zu entlasten, um die Selbstst\u00e4ndigkeit und Eigenverantwortung der Patienten zu erhalten und zu f\u00f6rdern.<\/p>\n<\/div>\n<\/div>\n<\/div>\n<p style=\"text-align: center;\">&nbsp;<\/p>\n<p style=\"text-align: center;\">&nbsp;<\/p>\n<div style=\"text-align: left;\">\n<div class=\"et_pb_module et_pb_text et_pb_text_1 et_pb_text_align_left et_pb_bg_layout_light\">\n<div class=\"et_pb_text_inner\">\n<p style=\"text-align: justify;\"><a href=\"https:\/\/ev-allianz-braunschweig.de\/wp-content\/uploads\/2023\/06\/DasNest_small_sRGB.png\"><img decoding=\"async\" loading=\"lazy\" class=\"wp-image-4907\" src=\"https:\/\/ev-allianz-braunschweig.de\/wp-content\/uploads\/2023\/06\/DasNest_small_sRGB-300x102.png\" alt=\"\" width=\"253\" height=\"86\" srcset=\"https:\/\/ev-allianz-braunschweig.de\/wp-content\/uploads\/2023\/06\/DasNest_small_sRGB-300x102.png 300w, https:\/\/ev-allianz-braunschweig.de\/wp-content\/uploads\/2023\/06\/DasNest_small_sRGB.png 700w\" sizes=\"(max-width: 253px) 100vw, 253px\" \/><\/a><\/p>\n<p style=\"text-align: justify;\">&nbsp;<\/p>\n<\/div>\n<\/div>\n<\/div>\n<div style=\"text-align: left;\">\n<div class=\"et_pb_module et_pb_text et_pb_text_1 et_pb_text_align_left et_pb_bg_layout_light\">\n<div class=\"et_pb_text_inner\">\n<p style=\"text-align: justify;\">Mit unserer Psychosozialen Assistenz <span style=\"color: #339966;\"><strong><a style=\"color: #339966;\" href=\"https:\/\/sozialwerk-bs.de\/psychosoziale-assistenz\/\">Das Nest<\/a><\/strong><\/span> stehen wir Menschen in Krisen und seelischer Not zur Seite, um ihnen mit ambulanter Unterst\u00fctzung mit Rat und Tat eine Begleitung und Hilfe im Lebensalltag zu sein, ihnen Gemeinschaft und Sicherheit zu bieten. Grundlage daf\u00fcr ist eine von Wertsch\u00e4tzung und Akzeptanz gepr\u00e4gte Zusammenarbeit. Ziel ist es, dass Menschen in ein selbstbestimmtes Leben mit einem tragf\u00e4higen sozialen Netzwerk zur\u00fcckkehren k\u00f6nnen.<\/p>\n<\/div>\n<\/div>\n<\/div>\n<p style=\"text-align: center;\">&nbsp;<\/p>\n<div style=\"text-align: left;\">\n<div class=\"et_pb_module et_pb_text et_pb_text_1 et_pb_text_align_left et_pb_bg_layout_light\">\n<div class=\"et_pb_text_inner\">\n<p style=\"text-align: justify;\"><a href=\"https:\/\/ev-allianz-braunschweig.de\/wp-content\/uploads\/2023\/06\/HiOb_small_sRGB.jpg\"><img decoding=\"async\" loading=\"lazy\" class=\"wp-image-4908\" src=\"https:\/\/ev-allianz-braunschweig.de\/wp-content\/uploads\/2023\/06\/HiOb_small_sRGB-300x111.jpg\" alt=\"\" width=\"238\" height=\"88\" srcset=\"https:\/\/ev-allianz-braunschweig.de\/wp-content\/uploads\/2023\/06\/HiOb_small_sRGB-300x111.jpg 300w, https:\/\/ev-allianz-braunschweig.de\/wp-content\/uploads\/2023\/06\/HiOb_small_sRGB.jpg 646w\" sizes=\"(max-width: 238px) 100vw, 238px\" \/><\/a><\/p>\n<p style=\"text-align: justify;\">&nbsp;<\/p>\n<\/div>\n<\/div>\n<\/div>\n<div style=\"text-align: left;\">\n<div class=\"et_pb_module et_pb_text et_pb_text_1 et_pb_text_align_left et_pb_bg_layout_light\">\n<div class=\"et_pb_text_inner\">\n<p style=\"text-align: justify;\">Im Fokus der ehrenamtlichen Arbeit von <span style=\"color: #cc99ff;\"><a style=\"color: #cc99ff;\" href=\"https:\/\/sozialwerk-bs.de\/hilfe-fuer-obdachlose\/\"><strong>HiOb<\/strong><\/a><\/span> (Hilfe f\u00fcr Obdachlose) steht die Liebe zum N\u00e4chsten. In allem, was wir tun, ist uns diese Grundhaltung wichtig. Als Christen m\u00f6chten wir die Liebe Gottes, die wir selbst erfahren haben, weitergeben. Dies geschieht auf vielf\u00e4ltige Weise durch unterschiedliche HiOb-Projekte. Wir wollen mit unserem Dienst Menschen unterst\u00fctzen, deren Existenz in den grundlegensten Dingen des allt\u00e4glichen Lebens gef\u00e4hrdet ist. Durch das Geschenk eines Transporters besteht die M\u00f6glichkeit, eine mobile Essensausgabe unabh\u00e4ngig von lokalen Gegebenheiten an unterschiedlichen Standorten ausf\u00fchren zu k\u00f6nnen. Zudem werden f\u00fcr den Winter Schlafs\u00e4cke und vern\u00fcnftiges Schuhwerk an wohnungslose Menschen in Braunschweig verschenkt. Zwei Mal im Jahr schafft das Team von &#8220;HiOb&#8221; in Kooperation mit den &#8220;Barber Angels&#8221; f\u00fcr die Obdachlosen ein Angebot zum kostenlosen Haar- und Bartschnitt.&nbsp;<\/p>\n<\/div>\n<p style=\"text-align: justify;\">&nbsp;<\/p>\n<div class=\"et_pb_text_inner\">\n<p style=\"text-align: justify;\"><a href=\"https:\/\/ev-allianz-braunschweig.de\/wp-content\/uploads\/2023\/06\/Schwesterherz_small_sRGB.png\"><img decoding=\"async\" loading=\"lazy\" class=\"wp-image-4909\" src=\"https:\/\/ev-allianz-braunschweig.de\/wp-content\/uploads\/2023\/06\/Schwesterherz_small_sRGB-300x91.png\" alt=\"\" width=\"283\" height=\"86\" srcset=\"https:\/\/ev-allianz-braunschweig.de\/wp-content\/uploads\/2023\/06\/Schwesterherz_small_sRGB-300x91.png 300w, https:\/\/ev-allianz-braunschweig.de\/wp-content\/uploads\/2023\/06\/Schwesterherz_small_sRGB-768x232.png 768w, https:\/\/ev-allianz-braunschweig.de\/wp-content\/uploads\/2023\/06\/Schwesterherz_small_sRGB.png 788w\" sizes=\"(max-width: 283px) 100vw, 283px\" \/><\/a><\/p>\n<p style=\"text-align: justify;\">&nbsp;<\/p>\n<\/div>\n<\/div>\n<\/div>\n<div style=\"text-align: left;\">\n<div class=\"et_pb_module et_pb_text et_pb_text_1 et_pb_text_align_left et_pb_bg_layout_light\">\n<div class=\"et_pb_text_inner\">\n<p>Im 21. Jahrhundert gibt es mehr Sklaven als jemals zuvor. Im Kampf gegen Menschenhandel und sexuelle Ausbeutung von Menschen in der Prostitution hat sich ein engagiertes Team um den Dienst von <span style=\"color: #993366;\"><strong><a style=\"color: #993366;\" href=\"https:\/\/sozialwerk-bs.de\/leben-in-freiheit\/\">Schwesterherz<\/a><\/strong><\/span> gefunden. Durch Verl\u00e4sslichkeit und einen liebevollen Umgang wird Vertrauen zu den Frauen aufgebaut, um Betroffene auf ihrem Weg in eine neue Freiheit zu unterst\u00fctzen.<\/p>\n<\/div>\n<\/div>\n<\/div>\n<p style=\"text-align: center;\">&nbsp;<\/p>\n<figure class=\"wp-block-image size-large is-resized\"><a href=\"https:\/\/ev-allianz-braunschweig.de\/wp-content\/uploads\/2024\/05\/Wendeturm_sRGB-scaled.jpg\"><img decoding=\"async\" loading=\"lazy\" class=\"wp-image-5418\" src=\"https:\/\/ev-allianz-braunschweig.de\/wp-content\/uploads\/2024\/05\/Wendeturm_sRGB-1024x354.jpg\" alt=\"\" width=\"255\" height=\"88\" srcset=\"https:\/\/ev-allianz-braunschweig.de\/wp-content\/uploads\/2024\/05\/Wendeturm_sRGB-1024x354.jpg 1024w, https:\/\/ev-allianz-braunschweig.de\/wp-content\/uploads\/2024\/05\/Wendeturm_sRGB-300x104.jpg 300w, https:\/\/ev-allianz-braunschweig.de\/wp-content\/uploads\/2024\/05\/Wendeturm_sRGB-768x266.jpg 768w, https:\/\/ev-allianz-braunschweig.de\/wp-content\/uploads\/2024\/05\/Wendeturm_sRGB-1536x532.jpg 1536w, https:\/\/ev-allianz-braunschweig.de\/wp-content\/uploads\/2024\/05\/Wendeturm_sRGB-2048x709.jpg 2048w\" sizes=\"(max-width: 255px) 100vw, 255px\" \/><\/a><\/figure>\n<div class=\"et_pb_module et_pb_text et_pb_text_2  et_pb_text_align_left et_pb_bg_layout_light\">\n<div class=\"et_pb_text_inner\">\n<p>Mit unserer Tagesst\u00e4tte <span style=\"color: #d4ae87;\"><a style=\"color: #d4ae87;\" title=\"Wendeturm\" href=\"https:\/\/sozialwerk-bs.de\/tagesstaette-wendeturm\/\"><strong>Wendeturm<\/strong><\/a><\/span> bieten wir einen Ort f\u00fcr Menschen in seelischer Not und Krisen, um ihnen dabei zu helfen, wieder eine Lebensqualit\u00e4t zu finden. Mit unserem multiprofessionellen Team aus Sozialp\u00e4dagoginnen, Traumatherapeutin und Ergotherapeutin f\u00f6rdern wir individuelle Ressourcen und geben Menschen eine Tagesstruktur, um mit gr\u00f6\u00dftm\u00f6glicher Selbst\u00e4ndigkeit weitere Schritte zu gehen und eine neue Perspektive f\u00fcr ihre Lebens- und Alltagsgestaltung zu entwickeln. Die wohltuende Atmosph\u00e4re im Wendeturm mit sch\u00f6nen R\u00e4umen und einem gro\u00dfen Garten sind ein sicherer Ort und geben daf\u00fcr einen hilfreichen Rahmen.<\/p>\n<\/div>\n<\/div>\n<p style=\"text-align: center;\">&nbsp;<\/p>\n<div style=\"text-align: left;\">\n<div class=\"et_pb_module et_pb_text et_pb_text_1 et_pb_text_align_left et_pb_bg_layout_light\">\n<div class=\"et_pb_text_inner\">\n<p><strong>Das Sozialwerk ist erst am Anfang und wir tr\u00e4umen von noch vielen Projekten, die den Menschen in Braunschweig Gutes tun und die G\u00fcte Gottes erleben lassen.<\/strong><\/p>\n<p>Vorstand: Robert Lau (1. Vorsitz), Joachim J\u00e4ger, Dorothea Lau, Christian Brandes, Elke R\u00f6hl, Michael R\u00f6hl (Gesch\u00e4ftsf\u00fchrung)<\/p>\n<p style=\"text-align: justify;\"><strong><u>Spendenkonto:<\/u><\/strong><br \/>\n<strong>Sozialwerk Gemeinsam f\u00fcr Braunschweig e.V.<\/strong><br \/>\n<strong>SKB Bad Homburg<\/strong><br \/>\n<strong>IBAN DE93500921000001773909<\/strong><\/p>\n<h6><span style=\"color: #33cccc;\"><strong><a href=\"http:\/\/www.sozialwerk-bs.de\"><span style=\"color: #008080;\">www.sozialwerk-bs.de<\/span><\/a><\/strong><\/span><\/h6>\n<\/div>\n<\/div>\n<\/div>\n<div style=\"text-align: justify;\">&nbsp;<\/div>\n<div style=\"text-align: left;\">In diesem kurzen Video stellt sich der Verein mit seiner Vision vor<span style=\"color: #000000;\">:<\/span>&nbsp; <a href=\"https:\/\/www.youtube.com\/watch?v=O5mP3q_vl7s\"><span style=\"color: #993366;\"><b><span style=\"text-decoration: underline;\">https:\/\/youtu.be\/O5mP3q_vl7s<\/span><\/b><\/span><\/a><\/div>\n<div style=\"text-align: left;\">&nbsp;<\/div>\n<div style=\"text-align: left;\">&nbsp;<\/div>\n<div style=\"text-align: left;\">&nbsp;<\/div>\n<div style=\"text-align: left;\">&nbsp;<\/div>\n<div style=\"text-align: left;\">&nbsp;<\/div>\n<div style=\"text-align: left;\">\n<pre>&nbsp;<\/pre>\n<\/div>\n","protected":false},"excerpt":{"rendered":"<p>&nbsp; &nbsp; &nbsp; \u201eGottes G\u00fcte wirken lassen\u201c das ist unsere Vision. Das Sozialwerk wurde im Februar 2021 gegr\u00fcndet. Es gibt viele Ideen, wie wir in Braunschweig Gutes tun k\u00f6nnen. &nbsp; Mit der Ambulanten Pflege Beh\u00fctet zu Hause ist es uns ein besonderes Herzensanliegen, Pflegebed\u00fcrftige in ihrem h\u00e4uslichen Umfeld zu unterst\u00fctzen und Angeh\u00f6rige und Familien zu [&hellip;]<\/p>\n","protected":false},"author":2,"featured_media":0,"parent":0,"menu_order":0,"comment_status":"closed","ping_status":"closed","template":"","meta":{"ngg_post_thumbnail":0},"_links":{"self":[{"href":"https:\/\/ev-allianz-braunschweig.de\/index.php?rest_route=\/wp\/v2\/pages\/3702"}],"collection":[{"href":"https:\/\/ev-allianz-braunschweig.de\/index.php?rest_route=\/wp\/v2\/pages"}],"about":[{"href":"https:\/\/ev-allianz-braunschweig.de\/index.php?rest_route=\/wp\/v2\/types\/page"}],"author":[{"embeddable":true,"href":"https:\/\/ev-allianz-braunschweig.de\/index.php?rest_route=\/wp\/v2\/users\/2"}],"replies":[{"embeddable":true,"href":"https:\/\/ev-allianz-braunschweig.de\/index.php?rest_route=%2Fwp%2Fv2%2Fcomments&post=3702"}],"version-history":[{"count":111,"href":"https:\/\/ev-allianz-braunschweig.de\/index.php?rest_route=\/wp\/v2\/pages\/3702\/revisions"}],"predecessor-version":[{"id":6059,"href":"https:\/\/ev-allianz-braunschweig.de\/index.php?rest_route=\/wp\/v2\/pages\/3702\/revisions\/6059"}],"wp:attachment":[{"href":"https:\/\/ev-allianz-braunschweig.de\/index.php?rest_route=%2Fwp%2Fv2%2Fmedia&parent=3702"}],"curies":[{"name":"wp","href":"https:\/\/api.w.org\/{rel}","templated":true}]}}